{"id":5609,"date":"2025-02-17T10:01:18","date_gmt":"2025-02-17T10:01:18","guid":{"rendered":"https:\/\/medri.ch\/?page_id=5609"},"modified":"2025-11-27T12:10:50","modified_gmt":"2025-11-27T12:10:50","slug":"soziale-verantwortung","status":"publish","type":"page","link":"https:\/\/medri.ch\/en\/soziale-verantwortung\/","title":{"rendered":"Corporate Social Responsibility"},"content":{"rendered":"<div data-vc-full-width=\"true\" data-vc-full-width-init=\"false\" class=\"vc_row wpb_row vc_row-fluid vc_custom_1480646477720 vc_row-has-fill\"><div class=\"wpb_column vc_column_container vc_col-sm-6\"><div class=\"vc_column-inner\"><div class=\"wpb_wrapper\"><div class=\"g5plus-space space-6a9d00245068e\" data-id=\"6a9d00245068e\" data-tablet=\"70\" data-tablet-portrait=\"60\" data-mobile=\"40\" data-mobile-landscape=\"50\" style=\"clear: both; display: block; height: 90px\"><\/div><div class=\"g5plus-heading style1 text-left color-dark\" >\n    <span><\/span>\n                <h2>Soziale Verantwortung bei MEDRI AG<\/h2>\n    <\/div><div class=\"g5plus-space space-6a9d00245078c\" data-id=\"6a9d00245078c\" data-tablet=\"20\" data-tablet-portrait=\"20\" data-mobile=\"20\" data-mobile-landscape=\"20\" style=\"clear: both; display: block; height: 20px\"><\/div>\n\t<div class=\"wpb_text_column wpb_content_element \" >\n\t\t<div class=\"wpb_wrapper\">\n\t\t\t<h3 data-start=\"618\" data-end=\"694\"><strong data-start=\"622\" data-end=\"694\">Gemeinsam mehr bewirken \u2013 1 % unseres Jahresumsatzes f\u00fcr echte Hilfe<\/strong><\/h3>\n<p data-start=\"696\" data-end=\"899\">Erfolg bedeutet Verantwortung.<br data-start=\"726\" data-end=\"729\" \/>Darum geben wir bei MEDRI AG jedes Jahr <strong data-start=\"769\" data-end=\"802\">1 % unseres gesamten Umsatzes<\/strong> an sorgf\u00e4ltig ausgew\u00e4hlte Projekte weiter \u2013 <strong data-start=\"847\" data-end=\"899\">transparent, nachweisbar und mit klarer Wirkung.<\/strong><\/p>\n<p data-start=\"901\" data-end=\"1068\">Unsere \u00dcberzeugung:<br data-start=\"920\" data-end=\"923\" \/><strong data-start=\"923\" data-end=\"992\">Wirtschaftlicher Erfolg und soziales Engagement geh\u00f6ren zusammen.<\/strong><br data-start=\"992\" data-end=\"995\" \/>Wir m\u00f6chten nicht nur Immobilien bewegen \u2013 <strong data-start=\"1038\" data-end=\"1068\">wir m\u00f6chten Leben bewegen.<\/strong><\/p>\n\n\t\t<\/div>\n\t<\/div>\n<div class=\"g5plus-space space-6a9d002450891\" data-id=\"6a9d002450891\" data-tablet=\"20\" data-tablet-portrait=\"20\" data-mobile=\"20\" data-mobile-landscape=\"20\" style=\"clear: both; display: block; height: 20px\"><\/div><\/div><\/div><\/div><div class=\"wpb_column vc_column_container vc_col-sm-6\"><div class=\"vc_column-inner\"><div class=\"wpb_wrapper\"><div class=\"g5plus-space space-6a9d002450979\" data-id=\"6a9d002450979\" data-tablet=\"40\" data-tablet-portrait=\"40\" data-mobile=\"40\" data-mobile-landscape=\"40\" style=\"clear: both; display: block; height: 40px\"><\/div><div class=\"g5plus-space space-6a9d0024509b2\" data-id=\"6a9d0024509b2\" data-tablet=\"40\" data-tablet-portrait=\"40\" data-mobile=\"0\" data-mobile-landscape=\"0\" style=\"clear: both; display: block; height: 40px\"><\/div><div class=\"g5plus-space space-6a9d0024509ee\" data-id=\"6a9d0024509ee\" data-tablet=\"40\" data-tablet-portrait=\"40\" data-mobile=\"0\" data-mobile-landscape=\"0\" style=\"clear: both; display: block; height: 40px\"><\/div><div class=\"g5plus-space space-6a9d002450a22\" data-id=\"6a9d002450a22\" data-tablet=\"40\" data-tablet-portrait=\"40\" data-mobile=\"0\" data-mobile-landscape=\"0\" style=\"clear: both; display: block; height: 40px\"><\/div>\n\t<div  class=\"wpb_single_image wpb_content_element vc_align_right\">\n\t\t\n\t\t<figure class=\"wpb_wrapper vc_figure\">\n\t\t\t<div class=\"vc_single_image-wrapper   vc_box_border_grey\"><img loading=\"lazy\" decoding=\"async\" class=\"vc_single_image-img \" src=\"https:\/\/medri.ch\/wp-content\/uploads\/2025\/11\/Soziale-Verantwortung-bei-MEDRI-AG-1500x1024.webp\" width=\"1500\" height=\"1024\" alt=\"Soziale Verantwortung bei MEDRI AG\" title=\"Soziale Verantwortung bei MEDRI AG\" \/><\/div>\n\t\t<\/figure>\n\t<\/div>\n<div class=\"g5plus-space space-6a9d002497f7f\" data-id=\"6a9d002497f7f\" data-tablet=\"40\" data-tablet-portrait=\"40\" data-mobile=\"40\" data-mobile-landscape=\"40\" style=\"clear: both; display: block; height: 40px\"><\/div><\/div><\/div><\/div><\/div><div class=\"vc_row-full-width vc_clearfix\"><\/div><div data-vc-full-width=\"true\" data-vc-full-width-init=\"false\" class=\"vc_row wpb_row vc_row-fluid vc_custom_1480646477720 vc_row-has-fill\"><div class=\"wpb_column vc_column_container vc_col-sm-12\"><div class=\"vc_column-inner\"><div class=\"wpb_wrapper\"><div class=\"g5plus-btn-container   btn-center\" >\n            <a class=\"btn btn-lg btn-primary btn-classic\" href=\"https:\/\/go.medri.ch\/kalender\" title=\"Jetzt Termin vereinbaren \u279c\" target=\"_blank\">Jetzt Termin vereinbaren \u279c<\/a>\n    <\/div><div class=\"g5plus-space space-6a9d00249830e\" data-id=\"6a9d00249830e\" data-tablet=\"80\" data-tablet-portrait=\"60\" data-mobile=\"20\" data-mobile-landscape=\"20\" style=\"clear: both; display: block; height: 40px\"><\/div><div class=\"vc_separator wpb_content_element vc_separator_align_center vc_sep_width_100 vc_sep_pos_align_center vc_separator_no_text vc_sep_color_black\" ><span class=\"vc_sep_holder vc_sep_holder_l\"><span  class=\"vc_sep_line\"><\/span><\/span><span class=\"vc_sep_holder vc_sep_holder_r\"><span  class=\"vc_sep_line\"><\/span><\/span>\n<\/div><div class=\"g5plus-space space-6a9d002498451\" data-id=\"6a9d002498451\" data-tablet=\"80\" data-tablet-portrait=\"60\" data-mobile=\"20\" data-mobile-landscape=\"20\" style=\"clear: both; display: block; height: 40px\"><\/div><div class=\"g5plus-heading style1 text-left color-dark\" >\n    <span><\/span>\n                <h2>Warum wir das tun:<\/h2>\n    <\/div><div class=\"g5plus-space space-6a9d0024984ef\" data-id=\"6a9d0024984ef\" data-tablet=\"20\" data-tablet-portrait=\"20\" data-mobile=\"20\" data-mobile-landscape=\"20\" style=\"clear: both; display: block; height: 20px\"><\/div>\n\t<div class=\"wpb_text_column wpb_content_element \" >\n\t\t<div class=\"wpb_wrapper\">\n\t\t\t<p data-start=\"257\" data-end=\"322\">Weil jeder Erfolg geteilt werden sollte.<\/p>\n<p data-start=\"324\" data-end=\"549\">Viele Menschen stehen vor Herausforderungen: fehlende Chancen, soziale Ungleichheit, gesundheitliche Probleme oder finanzielle Belastungen.<br data-start=\"463\" data-end=\"466\" \/>Unsere <strong data-start=\"473\" data-end=\"491\">1 %-Initiative<\/strong> unterst\u00fctzt genau dort, wo Hilfe wirklich gebraucht wird.<\/p>\n\n\t\t<\/div>\n\t<\/div>\n<div class=\"vc_row wpb_row vc_inner vc_row-fluid\"><div class=\"wpb_column vc_column_container vc_col-sm-3\"><div class=\"vc_column-inner\"><div class=\"wpb_wrapper\"><div class=\"vc_empty_space\"   style=\"height: 32px\"><span class=\"vc_empty_space_inner\"><\/span><\/div><div class=\"g5plus-icon-box layout-center color-dark\" >\n    <div class=\"icon-wrap\">\n    <i class=\"far fa-grin-beam\"><\/i>    <\/div>\n                <h6>Kinder &amp; Jugendliche<\/h6>\n        <\/div><div class=\"vc_empty_space\"   style=\"height: 32px\"><span class=\"vc_empty_space_inner\"><\/span><\/div>\n\t<div class=\"wpb_text_column wpb_content_element \" >\n\t\t<div class=\"wpb_wrapper\">\n\t\t\t<h4 data-start=\"594\" data-end=\"783\"><strong data-start=\"632\" data-end=\"669\">Faire Chancen f\u00fcr junge Menschen.<\/strong><br data-start=\"669\" data-end=\"672\" \/>Wir unterst\u00fctzen Projekte, die Kindern und Jugendlichen Zugang zu Bildung, Schutz und Perspektiven erm\u00f6glichen.<\/h4>\n\n\t\t<\/div>\n\t<\/div>\n<\/div><\/div><\/div><div class=\"wpb_column vc_column_container vc_col-sm-3\"><div class=\"vc_column-inner\"><div class=\"wpb_wrapper\"><div class=\"vc_empty_space\"   style=\"height: 32px\"><span class=\"vc_empty_space_inner\"><\/span><\/div><div class=\"g5plus-icon-box layout-center color-dark\" >\n    <div class=\"icon-wrap\">\n    <i class=\"far fa-eye\"><\/i>    <\/div>\n                <h6>Familien in Not<\/h6>\n        <\/div><div class=\"vc_empty_space\"   style=\"height: 32px\"><span class=\"vc_empty_space_inner\"><\/span><\/div>\n\t<div class=\"wpb_text_column wpb_content_element \" >\n\t\t<div class=\"wpb_wrapper\">\n\t\t\t<h4><strong data-start=\"823\" data-end=\"883\">Schnelle Hilfe f\u00fcr die, die es am dringendsten brauchen.<\/strong><br data-start=\"883\" data-end=\"886\" \/>Ob finanzielle Engp\u00e4sse oder pers\u00f6nliche Krisen \u2013 wir tragen dazu bei, dass Familien sofortige Unterst\u00fctzung erhalten.<\/h4>\n\n\t\t<\/div>\n\t<\/div>\n<\/div><\/div><\/div><div class=\"wpb_column vc_column_container vc_col-sm-3\"><div class=\"vc_column-inner\"><div class=\"wpb_wrapper\"><div class=\"vc_empty_space\"   style=\"height: 32px\"><span class=\"vc_empty_space_inner\"><\/span><\/div><div class=\"g5plus-icon-box layout-center color-dark\" >\n    <div class=\"icon-wrap\">\n    <i class=\"fas fa-trophy\"><\/i>    <\/div>\n                <h6>Soziale &amp; nachhaltige Organisationen<\/h6>\n        <\/div><div class=\"vc_empty_space\"   style=\"height: 32px\"><span class=\"vc_empty_space_inner\"><\/span><\/div>\n\t<div class=\"wpb_text_column wpb_content_element \" >\n\t\t<div class=\"wpb_wrapper\">\n\t\t\t<h4 data-start=\"434\" data-end=\"624\"><strong data-start=\"1065\" data-end=\"1097\">Gemeinsam Zukunft gestalten.<\/strong><br data-start=\"1097\" data-end=\"1100\" \/>Wir f\u00f6rdern Organisationen, die langfristig soziale Gerechtigkeit, Umweltschutz und nachhaltige Entwicklung voranbringen.<\/h4>\n\n\t\t<\/div>\n\t<\/div>\n<\/div><\/div><\/div><div class=\"wpb_column vc_column_container vc_col-sm-3\"><div class=\"vc_column-inner\"><div class=\"wpb_wrapper\"><div class=\"vc_empty_space\"   style=\"height: 32px\"><span class=\"vc_empty_space_inner\"><\/span><\/div><div class=\"g5plus-icon-box layout-center color-dark\" >\n    <div class=\"icon-wrap\">\n    <i class=\"icon-hand\"><\/i>    <\/div>\n                <h6>Bildungsprojekte<\/h6>\n        <\/div><div class=\"vc_empty_space\"   style=\"height: 32px\"><span class=\"vc_empty_space_inner\"><\/span><\/div>\n\t<div class=\"wpb_text_column wpb_content_element \" >\n\t\t<div class=\"wpb_wrapper\">\n\t\t\t<h4><strong data-start=\"1262\" data-end=\"1290\">Bildung schafft Zukunft.<\/strong><br data-start=\"1290\" data-end=\"1293\" \/>Wir engagieren uns f\u00fcr Programme, die Menschen weiterbringen, Perspektiven erweitern und echte Chancen er\u00f6ffnen.<\/h4>\n\n\t\t<\/div>\n\t<\/div>\n<\/div><\/div><\/div><\/div><div class=\"g5plus-space space-6a9d002498ff0\" data-id=\"6a9d002498ff0\" data-tablet=\"20\" data-tablet-portrait=\"20\" data-mobile=\"20\" data-mobile-landscape=\"20\" style=\"clear: both; display: block; height: 20px\"><\/div>\n\t<div class=\"wpb_text_column wpb_content_element \" >\n\t\t<div class=\"wpb_wrapper\">\n\t\t\t<h4 style=\"text-align: center;\">Denn Hilfe wirkt am st\u00e4rksten genau dann, wenn sie ankommt \u2013 im richtigen Moment.<\/h4>\n\n\t\t<\/div>\n\t<\/div>\n<div class=\"g5plus-space space-6a9d00249908b\" data-id=\"6a9d00249908b\" data-tablet=\"80\" data-tablet-portrait=\"60\" data-mobile=\"20\" data-mobile-landscape=\"20\" style=\"clear: both; display: block; height: 40px\"><\/div><div class=\"g5plus-btn-container   btn-center\" >\n            <a class=\"btn btn-lg btn-primary btn-classic\" href=\"https:\/\/go.medri.ch\/kalender\" title=\"Jetzt Termin vereinbaren \u279c\" target=\"_blank\">Jetzt Termin vereinbaren \u279c<\/a>\n    <\/div><div class=\"g5plus-space space-6a9d002499132\" data-id=\"6a9d002499132\" data-tablet=\"80\" data-tablet-portrait=\"60\" data-mobile=\"20\" data-mobile-landscape=\"20\" style=\"clear: both; display: block; height: 40px\"><\/div><div class=\"vc_separator wpb_content_element vc_separator_align_center vc_sep_width_100 vc_sep_pos_align_center vc_separator_no_text vc_sep_color_black\" ><span class=\"vc_sep_holder vc_sep_holder_l\"><span  class=\"vc_sep_line\"><\/span><\/span><span class=\"vc_sep_holder vc_sep_holder_r\"><span  class=\"vc_sep_line\"><\/span><\/span>\n<\/div><\/div><\/div><\/div><\/div><div class=\"vc_row-full-width vc_clearfix\"><\/div><div data-vc-full-width=\"true\" data-vc-full-width-init=\"false\" class=\"vc_row wpb_row vc_row-fluid vc_custom_1480646477720 vc_row-has-fill\"><div class=\"wpb_column vc_column_container vc_col-sm-6\"><div class=\"vc_column-inner\"><div class=\"wpb_wrapper\"><div class=\"g5plus-space space-6a9d002499412\" data-id=\"6a9d002499412\" data-tablet=\"40\" data-tablet-portrait=\"40\" data-mobile=\"40\" data-mobile-landscape=\"40\" style=\"clear: both; display: block; height: 40px\"><\/div><div class=\"g5plus-space space-6a9d002499449\" data-id=\"6a9d002499449\" data-tablet=\"40\" data-tablet-portrait=\"40\" data-mobile=\"40\" data-mobile-landscape=\"40\" style=\"clear: both; display: block; height: 40px\"><\/div>\n\t<div  class=\"wpb_single_image wpb_content_element vc_align_right\">\n\t\t\n\t\t<figure class=\"wpb_wrapper vc_figure\">\n\t\t\t<div class=\"vc_single_image-wrapper   vc_box_border_grey\"><img loading=\"lazy\" decoding=\"async\" class=\"vc_single_image-img \" src=\"https:\/\/medri.ch\/wp-content\/uploads\/2025\/11\/Unsere-Motivation-\u2013-klar-ehrlich--1500x1024.webp\" width=\"1500\" height=\"1024\" alt=\"Unsere Motivation \u2013 klar &amp; ehrlich\" title=\"Unsere Motivation \u2013 klar &amp; ehrlich\" \/><\/div>\n\t\t<\/figure>\n\t<\/div>\n<div class=\"g5plus-space space-6a9d0024d907b\" data-id=\"6a9d0024d907b\" data-tablet=\"40\" data-tablet-portrait=\"40\" data-mobile=\"40\" data-mobile-landscape=\"40\" style=\"clear: both; display: block; height: 40px\"><\/div><\/div><\/div><\/div><div class=\"wpb_column vc_column_container vc_col-sm-6\"><div class=\"vc_column-inner\"><div class=\"wpb_wrapper\"><div class=\"g5plus-space space-6a9d0024d91ae\" data-id=\"6a9d0024d91ae\" data-tablet=\"70\" data-tablet-portrait=\"60\" data-mobile=\"40\" data-mobile-landscape=\"50\" style=\"clear: both; display: block; height: 90px\"><\/div><div class=\"g5plus-heading style1 text-left color-dark\" >\n    <span><\/span>\n                <h2>Unsere Motivation \u2013 klar &amp; ehrlich:<\/h2>\n    <\/div>\n\t<div class=\"wpb_text_column wpb_content_element \" >\n\t\t<div class=\"wpb_wrapper\">\n\t\t\t<h3 data-start=\"2307\" data-end=\"2362\"><strong data-start=\"2311\" data-end=\"2362\">Wir wollen nicht nur reden. Wir wollen bewegen.<\/strong><\/h3>\n<p data-start=\"2364\" data-end=\"2758\">\u2714 <strong data-start=\"2366\" data-end=\"2391\">Langfristige Wirkung:<\/strong> Wir f\u00f6rdern Projekte, die echte Zukunft schaffen.<br data-start=\"2441\" data-end=\"2444\" \/>\u2714 <strong data-start=\"2446\" data-end=\"2462\">Solidarit\u00e4t:<\/strong> Jeder Mensch verdient eine Chance \u2013 ohne Ausnahme.<br data-start=\"2513\" data-end=\"2516\" \/>\u2714 <strong data-start=\"2518\" data-end=\"2534\">Transparenz:<\/strong> Jeder Rappen wird nachvollziehbar eingesetzt.<br data-start=\"2580\" data-end=\"2583\" \/>\u2714 <strong data-start=\"2585\" data-end=\"2610\">Mehr als eine Spende:<\/strong> Wir verbinden Ihren wirtschaftlichen Erfolg mit Menschlichkeit.<br data-start=\"2674\" data-end=\"2677\" \/>\u2714 <strong data-start=\"2679\" data-end=\"2703\">Verantwortung leben:<\/strong> Engagement ist f\u00fcr uns keine Option \u2013 sondern Pflicht.<\/p>\n\n\t\t<\/div>\n\t<\/div>\n<\/div><\/div><\/div><\/div><div class=\"vc_row-full-width vc_clearfix\"><\/div><div data-vc-full-width=\"true\" data-vc-full-width-init=\"false\" class=\"vc_row wpb_row vc_row-fluid vc_custom_1480646477720 vc_row-has-fill\"><div class=\"wpb_column vc_column_container vc_col-sm-6\"><div class=\"vc_column-inner\"><div class=\"wpb_wrapper\"><div class=\"g5plus-space space-6a9d0024d949c\" data-id=\"6a9d0024d949c\" data-tablet=\"70\" data-tablet-portrait=\"60\" data-mobile=\"40\" data-mobile-landscape=\"50\" style=\"clear: both; display: block; height: 90px\"><\/div><div class=\"g5plus-heading style1 text-left color-dark\" >\n    <span><\/span>\n                <h2>Wie wir helfen \u2013 konkret &amp; nachweisbar:<\/h2>\n    <\/div><div class=\"g5plus-space space-6a9d0024d953b\" data-id=\"6a9d0024d953b\" data-tablet=\"20\" data-tablet-portrait=\"20\" data-mobile=\"20\" data-mobile-landscape=\"20\" style=\"clear: both; display: block; height: 20px\"><\/div>\n\t<div class=\"wpb_text_column wpb_content_element \" >\n\t\t<div class=\"wpb_wrapper\">\n\t\t\t<h3 data-start=\"2812\" data-end=\"2864\"><strong data-start=\"2816\" data-end=\"2864\">1 % unseres Umsatzes = direkte Unterst\u00fctzung<\/strong><\/h3>\n<p data-start=\"2866\" data-end=\"3076\">Unsere Hilfe flie\u00dft nicht in gro\u00dfe Fonds oder unklare Strukturen.<br data-start=\"2931\" data-end=\"2934\" \/>Wir unterst\u00fctzen ausschlie\u00dflich <strong data-start=\"2966\" data-end=\"3001\">lokale, gepr\u00fcfte Organisationen<\/strong>, die nachweislich Wirkung erzielen \u2013 dort, wo sie wirklich gebraucht wird.<\/p>\n<h2 data-start=\"3078\" data-end=\"3110\"><strong data-start=\"3081\" data-end=\"3110\">Wir f\u00f6rdern insbesondere:<\/strong><\/h2>\n<ul data-start=\"3112\" data-end=\"3458\">\n<li data-start=\"3112\" data-end=\"3147\">\n<p data-start=\"3114\" data-end=\"3147\">Soforthilfe f\u00fcr Familien in Not<\/p>\n<\/li>\n<li data-start=\"3148\" data-end=\"3214\">\n<p data-start=\"3150\" data-end=\"3214\">Wohn- &amp; Bildungsprojekte \u2013 R\u00e4ume schaffen, Chancen erm\u00f6glichen<\/p>\n<\/li>\n<li data-start=\"3215\" data-end=\"3314\">\n<p data-start=\"3217\" data-end=\"3314\">Soziale Einrichtungen in der Region \u2013 Unterst\u00fctzung f\u00fcr Menschen, die auf Hilfe angewiesen sind<\/p>\n<\/li>\n<li data-start=\"3315\" data-end=\"3390\">\n<p data-start=\"3317\" data-end=\"3390\">Nachhaltige Programme f\u00fcr Kinder &amp; Jugendliche \u2013 faire Startbedingungen<\/p>\n<\/li>\n<li data-start=\"3391\" data-end=\"3458\">\n<p data-start=\"3393\" data-end=\"3458\">Integrations- &amp; Gesundheitsprojekte \u2013 niemand wird zur\u00fcckgelassen<\/p>\n<\/li>\n<\/ul>\n<h3 data-start=\"3460\" data-end=\"3490\"><strong data-start=\"3464\" data-end=\"3488\">Unsere Grundhaltung:<\/strong><\/h3>\n<p data-start=\"3491\" data-end=\"3558\"><strong data-start=\"3491\" data-end=\"3558\">Hilfe, die ankommt \u2013 ohne Umwege. Direkt. Transparent. Wirksam.<\/strong><\/p>\n\n\t\t<\/div>\n\t<\/div>\n<\/div><\/div><\/div><div class=\"wpb_column vc_column_container vc_col-sm-6\"><div class=\"vc_column-inner\"><div class=\"wpb_wrapper\"><div class=\"g5plus-space space-6a9d0024d9713\" data-id=\"6a9d0024d9713\" data-tablet=\"40\" data-tablet-portrait=\"40\" data-mobile=\"40\" data-mobile-landscape=\"40\" style=\"clear: both; display: block; height: 40px\"><\/div><div class=\"g5plus-space space-6a9d0024d9749\" data-id=\"6a9d0024d9749\" data-tablet=\"40\" data-tablet-portrait=\"40\" data-mobile=\"40\" data-mobile-landscape=\"40\" style=\"clear: both; display: block; height: 40px\"><\/div><div class=\"g5plus-space space-6a9d0024d9779\" data-id=\"6a9d0024d9779\" data-tablet=\"40\" data-tablet-portrait=\"40\" data-mobile=\"40\" data-mobile-landscape=\"40\" style=\"clear: both; display: block; height: 40px\"><\/div>\n\t<div  class=\"wpb_single_image wpb_content_element vc_align_right\">\n\t\t\n\t\t<figure class=\"wpb_wrapper vc_figure\">\n\t\t\t<div class=\"vc_single_image-wrapper   vc_box_border_grey\"><img loading=\"lazy\" decoding=\"async\" class=\"vc_single_image-img \" src=\"https:\/\/medri.ch\/wp-content\/uploads\/2025\/11\/Wie-wir-helfen-\u2013-konkret-nachweisbar-1500x1024.webp\" width=\"1500\" height=\"1024\" alt=\"Wie wir helfen \u2013 konkret &amp; nachweisbar\" title=\"Wie wir helfen \u2013 konkret &amp; nachweisbar\" \/><\/div>\n\t\t<\/figure>\n\t<\/div>\n<div class=\"g5plus-space space-6a9d00251fe21\" data-id=\"6a9d00251fe21\" data-tablet=\"40\" data-tablet-portrait=\"40\" data-mobile=\"40\" data-mobile-landscape=\"40\" style=\"clear: both; display: block; height: 40px\"><\/div><\/div><\/div><\/div><\/div><div class=\"vc_row-full-width vc_clearfix\"><\/div><div data-vc-full-width=\"true\" data-vc-full-width-init=\"false\" class=\"vc_row wpb_row vc_row-fluid vc_custom_1480646477720 vc_row-has-fill\"><div class=\"wpb_column vc_column_container vc_col-sm-12\"><div class=\"vc_column-inner\"><div class=\"wpb_wrapper\"><div class=\"g5plus-space space-6a9d002520044\" data-id=\"6a9d002520044\" data-tablet=\"80\" data-tablet-portrait=\"60\" data-mobile=\"20\" data-mobile-landscape=\"20\" style=\"clear: both; display: block; height: 40px\"><\/div><div class=\"vc_separator wpb_content_element vc_separator_align_center vc_sep_width_100 vc_sep_pos_align_center vc_separator_no_text vc_sep_color_black\" ><span class=\"vc_sep_holder vc_sep_holder_l\"><span  class=\"vc_sep_line\"><\/span><\/span><span class=\"vc_sep_holder vc_sep_holder_r\"><span  class=\"vc_sep_line\"><\/span><\/span>\n<\/div><div class=\"g5plus-space space-6a9d002520134\" data-id=\"6a9d002520134\" data-tablet=\"80\" data-tablet-portrait=\"60\" data-mobile=\"20\" data-mobile-landscape=\"20\" style=\"clear: both; display: block; height: 40px\"><\/div><div class=\"g5plus-heading style1 text-left color-dark\" >\n    <span><\/span>\n                <h2>Was uns einzigartig macht:<\/h2>\n    <\/div><div class=\"g5plus-space space-6a9d0025201cb\" data-id=\"6a9d0025201cb\" data-tablet=\"20\" data-tablet-portrait=\"20\" data-mobile=\"20\" data-mobile-landscape=\"20\" style=\"clear: both; display: block; height: 20px\"><\/div>\n\t<div class=\"wpb_text_column wpb_content_element \" >\n\t\t<div class=\"wpb_wrapper\">\n\t\t\t<h4 data-start=\"2800\" data-end=\"2840\">Wir reden nicht \u00fcber Verantwortung.<\/h4>\n<h4 data-start=\"2841\" data-end=\"2875\">Wir nehmen sie pers\u00f6nlich wahr.<\/h4>\n\n\t\t<\/div>\n\t<\/div>\n<div class=\"vc_row wpb_row vc_inner vc_row-fluid\"><div class=\"wpb_column vc_column_container vc_col-sm-4\"><div class=\"vc_column-inner\"><div class=\"wpb_wrapper\"><div class=\"vc_empty_space\"   style=\"height: 32px\"><span class=\"vc_empty_space_inner\"><\/span><\/div><div class=\"g5plus-icon-box layout-center color-dark\" >\n    <div class=\"icon-wrap\">\n    <i class=\"fas fa-crown\"><\/i>    <\/div>\n                <h6>Wir tun es selbst \u2013 aus \u00dcberzeugung.<\/h6>\n        <\/div><div class=\"vc_empty_space\"   style=\"height: 32px\"><span class=\"vc_empty_space_inner\"><\/span><\/div>\n\t<div class=\"wpb_text_column wpb_content_element \" >\n\t\t<div class=\"wpb_wrapper\">\n\t\t\t<h4><\/h4>\n<h4 style=\"text-align: justify;\">Nicht PR. Nicht Marketing.<br data-start=\"2981\" data-end=\"2984\" \/>Sondern echter Wille zu helfen.<\/h4>\n\n\t\t<\/div>\n\t<\/div>\n<\/div><\/div><\/div><div class=\"wpb_column vc_column_container vc_col-sm-4\"><div class=\"vc_column-inner\"><div class=\"wpb_wrapper\"><div class=\"vc_empty_space\"   style=\"height: 32px\"><span class=\"vc_empty_space_inner\"><\/span><\/div><div class=\"g5plus-icon-box layout-center color-dark\" >\n    <div class=\"icon-wrap\">\n    <i class=\"fas fa-people-carry\"><\/i>    <\/div>\n                <h6>Wir spenden vom Umsatz, nicht vom Gewinn.<\/h6>\n        <\/div><div class=\"vc_empty_space\"   style=\"height: 32px\"><span class=\"vc_empty_space_inner\"><\/span><\/div>\n\t<div class=\"wpb_text_column wpb_content_element \" >\n\t\t<div class=\"wpb_wrapper\">\n\t\t\t<h4 style=\"text-align: justify;\">Das ist ein grosser Unterschied \u2013 und ein echtes Commitment.<\/h4>\n\n\t\t<\/div>\n\t<\/div>\n<\/div><\/div><\/div><div class=\"wpb_column vc_column_container vc_col-sm-4\"><div class=\"vc_column-inner\"><div class=\"wpb_wrapper\"><div class=\"vc_empty_space\"   style=\"height: 32px\"><span class=\"vc_empty_space_inner\"><\/span><\/div><div class=\"g5plus-icon-box layout-center color-dark\" >\n    <div class=\"icon-wrap\">\n    <i class=\"fas fa-project-diagram\"><\/i>    <\/div>\n                <h6>Wir unterst\u00fctzen nicht einmalig, sondern nachhaltig.<\/h6>\n        <\/div><div class=\"vc_empty_space\"   style=\"height: 32px\"><span class=\"vc_empty_space_inner\"><\/span><\/div>\n\t<div class=\"wpb_text_column wpb_content_element \" >\n\t\t<div class=\"wpb_wrapper\">\n\t\t\t<h4 data-start=\"3129\" data-end=\"3257\">Wir begleiten Projekte, bleiben im Austausch und sehen Ergebnisse.<\/h4>\n\n\t\t<\/div>\n\t<\/div>\n<\/div><\/div><\/div><\/div><div class=\"g5plus-space space-6a9d002520918\" data-id=\"6a9d002520918\" data-tablet=\"20\" data-tablet-portrait=\"20\" data-mobile=\"20\" data-mobile-landscape=\"20\" style=\"clear: both; display: block; height: 20px\"><\/div>\n\t<div class=\"wpb_text_column wpb_content_element \" >\n\t\t<div class=\"wpb_wrapper\">\n\t\t\t<h3 style=\"text-align: center;\">Gemeinsam k\u00f6nnen wir mehr bewegen.<\/h3>\n\n\t\t<\/div>\n\t<\/div>\n<div class=\"g5plus-space space-6a9d0025209a7\" data-id=\"6a9d0025209a7\" data-tablet=\"80\" data-tablet-portrait=\"60\" data-mobile=\"20\" data-mobile-landscape=\"20\" style=\"clear: both; display: block; height: 40px\"><\/div><div class=\"g5plus-btn-container   btn-center\" >\n            <a class=\"btn btn-lg btn-primary btn-classic\" href=\"https:\/\/go.medri.ch\/kalender\" title=\"Jetzt Termin vereinbaren \u279c\" target=\"_blank\">Jetzt Termin vereinbaren \u279c<\/a>\n    <\/div><div class=\"g5plus-space space-6a9d002520a59\" data-id=\"6a9d002520a59\" data-tablet=\"80\" data-tablet-portrait=\"60\" data-mobile=\"20\" data-mobile-landscape=\"20\" style=\"clear: both; display: block; height: 40px\"><\/div><\/div><\/div><\/div><\/div><div class=\"vc_row-full-width vc_clearfix\"><\/div><div data-vc-full-width=\"true\" data-vc-full-width-init=\"false\" class=\"vc_row wpb_row vc_row-fluid vc_custom_1480587972328 vc_row-has-fill vc_row-background-overlay-wrap\"><div class=\"vc_row-background-overlay\" style=\"background-color: rgba(255,255,255,0.7)\"><\/div><div class=\"col-mb-12 col-mb-offset-0 wpb_column vc_column_container vc_col-sm-8 vc_col-md-offset-6 vc_col-md-6 vc_col-sm-offset-2 vc_col-xs-offset-1 vc_col-xs-10\"><div class=\"vc_column-inner\"><div class=\"wpb_wrapper\"><div class=\"g5plus-space space-6a9d002520c75\" data-id=\"6a9d002520c75\" data-tablet=\"80\" data-tablet-portrait=\"60\" data-mobile=\"50\" data-mobile-landscape=\"50\" style=\"clear: both; display: block; height: 100px\"><\/div><div class=\"g5plus-heading style1 text-left color-dark  mg-bottom-55\" >\n    <span><\/span>\n                <h2>WIR FREUEN UNS AUF IHRE NACHRICHT!<\/h2>\n    <\/div>\n\t<div class=\"wpb_text_column wpb_content_element  pd-bottom-35\" >\n\t\t<div class=\"wpb_wrapper\">\n\t\t\t<p>Senden Sie uns eine Nachricht und wir melden uns bei Ihnen!<\/p>\n\n\t\t<\/div>\n\t<\/div>\n<div class=\"wpforms-container wpforms-container-full\" id=\"wpforms-4891\"><form id=\"wpforms-form-4891\" class=\"wpforms-validate wpforms-form\" data-formid=\"4891\" method=\"post\" enctype=\"multipart\/form-data\" action=\"\/en\/wp-json\/wp\/v2\/pages\/5609\"><noscript class=\"wpforms-error-noscript\">Please enable JavaScript in your browser to complete this form.<\/noscript><div class=\"wpforms-field-container\"><div id=\"wpforms-4891-field_0-container\" class=\"wpforms-field wpforms-field-name\" data-field-id=\"0\"><label class=\"wpforms-field-label\" for=\"wpforms-4891-field_0\">Name <span class=\"wpforms-required-label\">*<\/span><\/label><input type=\"text\" id=\"wpforms-4891-field_0\" class=\"wpforms-field-medium wpforms-field-required\" name=\"wpforms[fields][0]\" required><\/div><div id=\"wpforms-4891-field_5-container\" class=\"wpforms-field wpforms-field-phone\" data-field-id=\"5\"><label class=\"wpforms-field-label\" for=\"wpforms-4891-field_5\">Telefon Nr. <span class=\"wpforms-required-label\">*<\/span><\/label><input type=\"tel\" id=\"wpforms-4891-field_5\" class=\"wpforms-field-medium wpforms-field-required wpforms-smart-phone-field\" data-rule-smart-phone-field=\"true\" name=\"wpforms[fields][5]\" required><\/div><div id=\"wpforms-4891-field_1-container\" class=\"wpforms-field wpforms-field-email\" data-field-id=\"1\"><label class=\"wpforms-field-label\" for=\"wpforms-4891-field_1\">Email <span class=\"wpforms-required-label\">*<\/span><\/label><input type=\"email\" id=\"wpforms-4891-field_1\" class=\"wpforms-field-medium wpforms-field-required\" name=\"wpforms[fields][1]\" required><\/div><div id=\"wpforms-4891-field_8-container\" class=\"wpforms-field wpforms-field-text\" data-field-id=\"8\"><label class=\"wpforms-field-label\" for=\"wpforms-4891-field_8\">Betreff <span class=\"wpforms-required-label\">*<\/span><\/label><input type=\"text\" id=\"wpforms-4891-field_8\" class=\"wpforms-field-medium wpforms-field-required\" name=\"wpforms[fields][8]\" required><\/div><div id=\"wpforms-4891-field_2-container\" class=\"wpforms-field wpforms-field-textarea\" data-field-id=\"2\"><label class=\"wpforms-field-label\" for=\"wpforms-4891-field_2\">Nachricht <span class=\"wpforms-required-label\">*<\/span><\/label><textarea id=\"wpforms-4891-field_2\" class=\"wpforms-field-medium wpforms-field-required\" name=\"wpforms[fields][2]\" required><\/textarea><\/div><\/div><div class=\"wpforms-field wpforms-field-hp\"><label for=\"wpforms-4891-field-hp\" class=\"wpforms-field-label\">Comment<\/label><input type=\"text\" name=\"wpforms[hp]\" id=\"wpforms-4891-field-hp\" class=\"wpforms-field-medium\"><\/div><div class=\"wpforms-submit-container\" ><input type=\"hidden\" name=\"wpforms[id]\" value=\"4891\"><input type=\"hidden\" name=\"wpforms[author]\" value=\"2\"><button type=\"submit\" name=\"wpforms[submit]\" class=\"wpforms-submit \" id=\"wpforms-submit-4891\" value=\"wpforms-submit\" aria-live=\"assertive\" data-alt-text=\"Sending...\" data-submit-text=\"Senden\">Senden<\/button><\/div><\/form><\/div>  <!-- .wpforms-container --><div class=\"g5plus-space space-6a9d0025210c6\" data-id=\"6a9d0025210c6\" data-tablet=\"80\" data-tablet-portrait=\"60\" data-mobile=\"50\" data-mobile-landscape=\"50\" style=\"clear: both; display: block; height: 100px\"><\/div><\/div><\/div><\/div><\/div><div class=\"vc_row-full-width vc_clearfix\"><\/div>\n","protected":false},"excerpt":{"rendered":"Soziale Verantwortung bei MEDRI AG Gemeinsam mehr bewirken \u2013 1 % unseres Jahresumsatzes f\u00fcr echte Hilfe Erfolg bedeutet Verantwortung.Darum geben wir bei MEDRI AG jedes Jahr 1 % unseres gesamten Umsatzes an sorgf\u00e4ltig ausgew\u00e4hlte Projekte weiter \u2013 transparent, nachweisbar und mit klarer Wirkung. Unsere \u00dcberzeugung:Wirtschaftlicher Erfolg und soziales Engagement geh\u00f6ren zusammen.Wir m\u00f6chten nicht nur Immobilien [...]","protected":false},"author":2,"featured_media":0,"parent":0,"menu_order":0,"comment_status":"closed","ping_status":"closed","template":"","meta":{"footnotes":""},"class_list":["post-5609","page","type-page","status-publish","hentry"],"yoast_head":"<!-- This site is optimized with the Yoast SEO plugin v28.4 - https:\/\/yoast.com\/product\/yoast-seo-wordpress\/ -->\n<title>Wp Json\/wp\/v2\/pages\/5609 | MEDRI AG<\/title>\n<meta name=\"description\" content=\"MEDRI AG is a Swiss full-service real estate company in Reinach AG: selling, buying, off-market, capital investments, project development and contracting.\" \/>\n<meta name=\"robots\" content=\"index, follow, max-snippet:-1, max-image-preview:large, max-video-preview:-1\" \/>\n<link rel=\"canonical\" href=\"https:\/\/medri.ch\/en\/soziale-verantwortung\/\" \/>\n<meta property=\"og:locale\" content=\"de_DE\" \/>\n<meta property=\"og:type\" content=\"article\" \/>\n<meta property=\"og:title\" content=\"Wp Json\/wp\/v2\/pages\/5609 | MEDRI AG\" \/>\n<meta property=\"og:description\" content=\"MEDRI AG is a Swiss full-service real estate company in Reinach AG: selling, buying, off-market, capital investments, project development and contracting.\" \/>\n<meta property=\"og:url\" content=\"https:\/\/medri.ch\/en\/soziale-verantwortung\/\" \/>\n<meta property=\"og:site_name\" content=\"MEDRI AG\" \/>\n<meta property=\"article:publisher\" content=\"https:\/\/www.facebook.com\/medriag.ch\" \/>\n<meta property=\"article:modified_time\" content=\"2025-11-27T12:10:50+00:00\" \/>\n<meta property=\"og:image\" content=\"https:\/\/medri.ch\/wp-content\/uploads\/2025\/05\/Soziale-Verantwortung.jpg\" \/>\n\t<meta property=\"og:image:width\" content=\"1024\" \/>\n\t<meta property=\"og:image:height\" content=\"1024\" \/>\n\t<meta property=\"og:image:type\" content=\"image\/jpeg\" \/>\n<meta name=\"twitter:card\" content=\"summary_large_image\" \/>\n<meta name=\"twitter:title\" content=\"Wp Json\/wp\/v2\/pages\/5609 | MEDRI AG\" \/>\n<meta name=\"twitter:description\" content=\"MEDRI AG is a Swiss full-service real estate company in Reinach AG: selling, buying, off-market, capital investments, project development and contracting.\" \/>\n<meta name=\"twitter:image\" content=\"https:\/\/medri.ch\/wp-content\/uploads\/2025\/05\/Soziale-Verantwortung.jpg\" \/>\n<meta name=\"twitter:label1\" content=\"Est. reading time\" \/>\n\t<meta name=\"twitter:data1\" content=\"4 minutes\" \/>\n<script type=\"application\/ld+json\" class=\"yoast-schema-graph\">{\"@context\":\"https:\\\/\\\/schema.org\",\"@graph\":[{\"@type\":\"WebPage\",\"@id\":\"https:\\\/\\\/medri.ch\\\/soziale-verantwortung\\\/\",\"url\":\"https:\\\/\\\/medri.ch\\\/soziale-verantwortung\\\/\",\"name\":\"Soziale Verantwortung der MEDRI AG \u2013 Engagement in der Schweiz\",\"isPartOf\":{\"@id\":\"https:\\\/\\\/medri.ch\\\/#website\"},\"datePublished\":\"2025-02-17T10:01:18+00:00\",\"dateModified\":\"2025-11-27T12:10:50+00:00\",\"description\":\"MEDRI AG engagiert sich f\u00fcr Gemeinschaft, Nachhaltigkeit und Verantwortung in Aargau, Luzern, Z\u00fcrich und Zug \u2014 1 % Umsatz an Schweizer Hilfswerke.\",\"breadcrumb\":{\"@id\":\"https:\\\/\\\/medri.ch\\\/soziale-verantwortung\\\/#breadcrumb\"},\"inLanguage\":\"de-CH\",\"potentialAction\":[{\"@type\":\"ReadAction\",\"target\":[\"https:\\\/\\\/medri.ch\\\/soziale-verantwortung\\\/\"]}]},{\"@type\":\"BreadcrumbList\",\"@id\":\"https:\\\/\\\/medri.ch\\\/soziale-verantwortung\\\/#breadcrumb\",\"itemListElement\":[{\"@type\":\"ListItem\",\"position\":1,\"name\":\"Home\",\"item\":\"https:\\\/\\\/medri.ch\\\/\"},{\"@type\":\"ListItem\",\"position\":2,\"name\":\"Soziale Verantwortung\"}]},{\"@type\":\"WebSite\",\"@id\":\"https:\\\/\\\/medri.ch\\\/#website\",\"url\":\"https:\\\/\\\/medri.ch\\\/\",\"name\":\"MEDRI AG\",\"description\":\"Finde dein Zuhause\",\"publisher\":{\"@id\":\"https:\\\/\\\/medri.ch\\\/#organization\"},\"potentialAction\":[{\"@type\":\"SearchAction\",\"target\":{\"@type\":\"EntryPoint\",\"urlTemplate\":\"https:\\\/\\\/medri.ch\\\/?s={search_term_string}\"},\"query-input\":{\"@type\":\"PropertyValueSpecification\",\"valueRequired\":true,\"valueName\":\"search_term_string\"}}],\"inLanguage\":\"de-CH\"},{\"@type\":[\"Organization\",\"RealEstateAgent\",\"LocalBusiness\"],\"@id\":\"https:\\\/\\\/medri.ch\\\/#organization\",\"name\":\"MEDRI AG\",\"url\":\"https:\\\/\\\/medri.ch\\\/\",\"logo\":{\"@type\":\"ImageObject\",\"inLanguage\":\"de-CH\",\"@id\":\"https:\\\/\\\/medri.ch\\\/#\\\/schema\\\/logo\\\/image\\\/\",\"url\":\"https:\\\/\\\/medri.ch\\\/wp-content\\\/uploads\\\/2023\\\/02\\\/medri-ag.jpg\",\"contentUrl\":\"https:\\\/\\\/medri.ch\\\/wp-content\\\/uploads\\\/2023\\\/02\\\/medri-ag.jpg\",\"width\":1600,\"height\":933,\"caption\":\"MEDRI AG\"},\"image\":{\"@id\":\"https:\\\/\\\/medri.ch\\\/#\\\/schema\\\/logo\\\/image\\\/\"},\"sameAs\":[\"https:\\\/\\\/www.linkedin.com\\\/company\\\/medri-ag\",\"https:\\\/\\\/www.facebook.com\\\/medriag.ch\",\"https:\\\/\\\/www.instagram.com\\\/medri.ag\\\/\",\"https:\\\/\\\/www.tiktok.com\\\/@medri.ag\",\"https:\\\/\\\/www.zefix.ch\\\/de\\\/search\\\/entity\\\/list?name=medri+ag\",\"https:\\\/\\\/www.google.com\\\/maps\\\/place\\\/MEDRI+AG\\\/@47.2547,8.1842,17z\"],\"legalName\":\"MEDRI AG\",\"telephone\":\"+41625206688\",\"email\":\"info@medri.ch\",\"address\":{\"@type\":\"PostalAddress\",\"streetAddress\":\"Florastrasse 20\",\"postalCode\":\"5734\",\"addressLocality\":\"Reinach AG\",\"addressRegion\":\"AG\",\"addressCountry\":\"CH\"},\"geo\":{\"@type\":\"GeoCoordinates\",\"latitude\":47.2547,\"longitude\":8.1842},\"areaServed\":[{\"@type\":\"AdministrativeArea\",\"name\":\"Kanton Aargau\"},{\"@type\":\"AdministrativeArea\",\"name\":\"Kanton Luzern\"},{\"@type\":\"AdministrativeArea\",\"name\":\"Kanton Z\u00fcrich\"},{\"@type\":\"City\",\"name\":\"Hergiswil\"}],\"inLanguage\":\"de-CH\",\"knowsLanguage\":[\"de-CH\",\"de\"],\"openingHoursSpecification\":[{\"@type\":\"OpeningHoursSpecification\",\"dayOfWeek\":[\"Monday\",\"Tuesday\",\"Wednesday\",\"Thursday\",\"Friday\"],\"opens\":\"08:00\",\"closes\":\"18:00\"}]}]}<\/script>\n<!-- \/ Yoast SEO plugin. -->","yoast_head_json":{"title":"Wp Json\/wp\/v2\/pages\/5609 | MEDRI AG","description":"MEDRI AG is a Swiss full-service real estate company in Reinach AG: selling, buying, off-market, capital investments, project development and contracting.","robots":{"index":"index","follow":"follow","max-snippet":"max-snippet:-1","max-image-preview":"max-image-preview:large","max-video-preview":"max-video-preview:-1"},"canonical":"https:\/\/medri.ch\/en\/soziale-verantwortung\/","og_locale":"de_CH","og_type":"article","og_title":"Wp Json\/wp\/v2\/pages\/5609 | MEDRI AG","og_description":"MEDRI AG is a Swiss full-service real estate company in Reinach AG: selling, buying, off-market, capital investments, project development and contracting.","og_url":"https:\/\/medri.ch\/en\/soziale-verantwortung\/","og_site_name":"MEDRI AG","article_publisher":"https:\/\/www.facebook.com\/medriag.ch","article_modified_time":"2025-11-27T12:10:50+00:00","og_image":[{"width":1024,"height":1024,"url":"https:\/\/medri.ch\/wp-content\/uploads\/2025\/05\/Soziale-Verantwortung.jpg","type":"image\/jpeg"}],"twitter_card":"summary_large_image","twitter_title":"Wp Json\/wp\/v2\/pages\/5609 | MEDRI AG","twitter_description":"MEDRI AG is a Swiss full-service real estate company in Reinach AG: selling, buying, off-market, capital investments, project development and contracting.","twitter_image":"https:\/\/medri.ch\/wp-content\/uploads\/2025\/05\/Soziale-Verantwortung.jpg","twitter_misc":{"Est. reading time":"4 minutes"},"schema":{"@context":"https:\/\/schema.org","@graph":[{"@type":"WebPage","@id":"https:\/\/medri.ch\/soziale-verantwortung\/","url":"https:\/\/medri.ch\/soziale-verantwortung\/","name":"Soziale Verantwortung der MEDRI AG \u2013 Engagement in der Schweiz","isPartOf":{"@id":"https:\/\/medri.ch\/#website"},"datePublished":"2025-02-17T10:01:18+00:00","dateModified":"2025-11-27T12:10:50+00:00","description":"MEDRI AG engagiert sich f\u00fcr Gemeinschaft, Nachhaltigkeit und Verantwortung in Aargau, Luzern, Z\u00fcrich und Zug \u2014 1 % Umsatz an Schweizer Hilfswerke.","breadcrumb":{"@id":"https:\/\/medri.ch\/soziale-verantwortung\/#breadcrumb"},"inLanguage":"de-CH","potentialAction":[{"@type":"ReadAction","target":["https:\/\/medri.ch\/soziale-verantwortung\/"]}]},{"@type":"BreadcrumbList","@id":"https:\/\/medri.ch\/soziale-verantwortung\/#breadcrumb","itemListElement":[{"@type":"ListItem","position":1,"name":"Home","item":"https:\/\/medri.ch\/"},{"@type":"ListItem","position":2,"name":"Soziale Verantwortung"}]},{"@type":"WebSite","@id":"https:\/\/medri.ch\/#website","url":"https:\/\/medri.ch\/","name":"MEDRI AG","description":"Finde dein Zuhause","publisher":{"@id":"https:\/\/medri.ch\/#organization"},"potentialAction":[{"@type":"SearchAction","target":{"@type":"EntryPoint","urlTemplate":"https:\/\/medri.ch\/?s={search_term_string}"},"query-input":{"@type":"PropertyValueSpecification","valueRequired":true,"valueName":"search_term_string"}}],"inLanguage":"de-CH"},{"@type":["Organization","RealEstateAgent","LocalBusiness"],"@id":"https:\/\/medri.ch\/#organization","name":"MEDRI AG","url":"https:\/\/medri.ch\/","logo":{"@type":"ImageObject","inLanguage":"de-CH","@id":"https:\/\/medri.ch\/#\/schema\/logo\/image\/","url":"https:\/\/medri.ch\/wp-content\/uploads\/2023\/02\/medri-ag.jpg","contentUrl":"https:\/\/medri.ch\/wp-content\/uploads\/2023\/02\/medri-ag.jpg","width":1600,"height":933,"caption":"MEDRI AG"},"image":{"@id":"https:\/\/medri.ch\/#\/schema\/logo\/image\/"},"sameAs":["https:\/\/www.linkedin.com\/company\/medri-ag","https:\/\/www.facebook.com\/medriag.ch","https:\/\/www.instagram.com\/medri.ag\/","https:\/\/www.tiktok.com\/@medri.ag","https:\/\/www.zefix.ch\/de\/search\/entity\/list?name=medri+ag","https:\/\/www.google.com\/maps\/place\/MEDRI+AG\/@47.2547,8.1842,17z"],"legalName":"MEDRI AG","telephone":"+41625206688","email":"info@medri.ch","address":{"@type":"PostalAddress","streetAddress":"Florastrasse 20","postalCode":"5734","addressLocality":"Reinach AG","addressRegion":"AG","addressCountry":"CH"},"geo":{"@type":"GeoCoordinates","latitude":47.2547,"longitude":8.1842},"areaServed":[{"@type":"AdministrativeArea","name":"Kanton Aargau"},{"@type":"AdministrativeArea","name":"Kanton Luzern"},{"@type":"AdministrativeArea","name":"Kanton Z\u00fcrich"},{"@type":"City","name":"Hergiswil"}],"inLanguage":"de-CH","knowsLanguage":["de-CH","de"],"openingHoursSpecification":[{"@type":"OpeningHoursSpecification","dayOfWeek":["Monday","Tuesday","Wednesday","Thursday","Friday"],"opens":"08:00","closes":"18:00"}]}]}},"_links":{"self":[{"href":"https:\/\/medri.ch\/en\/wp-json\/wp\/v2\/pages\/5609","targetHints":{"allow":["GET"]}}],"collection":[{"href":"https:\/\/medri.ch\/en\/wp-json\/wp\/v2\/pages"}],"about":[{"href":"https:\/\/medri.ch\/en\/wp-json\/wp\/v2\/types\/page"}],"author":[{"embeddable":true,"href":"https:\/\/medri.ch\/en\/wp-json\/wp\/v2\/users\/2"}],"replies":[{"embeddable":true,"href":"https:\/\/medri.ch\/en\/wp-json\/wp\/v2\/comments?post=5609"}],"version-history":[{"count":0,"href":"https:\/\/medri.ch\/en\/wp-json\/wp\/v2\/pages\/5609\/revisions"}],"wp:attachment":[{"href":"https:\/\/medri.ch\/en\/wp-json\/wp\/v2\/media?parent=5609"}],"curies":[{"name":"wp","href":"https:\/\/api.w.org\/{rel}","templated":true}]}}